{"id":2117,"date":"2024-10-06T11:12:59","date_gmt":"2024-10-06T09:12:59","guid":{"rendered":"https:\/\/www.stw-saarland.de\/gastro\/canteen-university-of-fine-arts-hbk\/"},"modified":"2025-06-09T20:42:01","modified_gmt":"2025-06-09T18:42:01","slug":"canteen-university-of-fine-arts-hbk","status":"publish","type":"page","link":"https:\/\/www.stw-saarland.de\/en\/gastro\/canteen-university-of-fine-arts-hbk\/","title":{"rendered":"Canteen University of Fine Arts (HBK)"},"content":{"rendered":"\n<div class=\"titelcontainer\">\n        <div class=\"text-container\">\n            <h1>MENSA<br\/><span>HBK<\/span><\/h1>\n        <\/div>\n        <div class=\"image-container\">\n           \n        <\/div>\n    <\/div>\n\n<div class=\"wp-block-columns is-layout-flex wp-container-core-columns-is-layout-9d6595d7 wp-block-columns-is-layout-flex\">\n<div class=\"wp-block-column is-layout-flow wp-block-column-is-layout-flow\" style=\"flex-basis:66.66%\">\n\n\n<div class=\"custom-buttons\" style=\"display: flex; gap: 10px;\"><a href=\"https:\/\/www.stw-saarland.de\/php\/generate_pdf.php?location=hbk&#038;kw=19\" class=\"weekbtn\">Download PDF (n\u00e4chste Woche)<\/a><\/div>\n\n\n        <!-- UIkit CSS -->\n        <link rel=\"stylesheet\" href=\"https:\/\/cdn.jsdelivr.net\/npm\/uikit@3.16.19\/dist\/css\/uikit.min.css\" \/>\n        <style>\n            body.hide-notices .meal .notices {\n                display: none;\n            }\n            .counter { border-left: 5px solid #ccc; padding: 10px; margin-bottom: 20px; }\n            .meal { margin: 10px 0; }\n            .meal strong { display: block; margin-bottom: 5px; }\n            .meal p { margin: 5px 0; }\n            h1 { text-align: center; }\n            .feedback-not-allowed {\n                color: red;\n                font-weight: bold;\n            }\n\n            \/* Hauptgericht-Notices *\/\n            .meal-notices {\n                color: #666;\n                font-size: 13px;\n                font-weight: 500;\n                line-height: 1.3;\n                margin-top: 2px;\n                margin-bottom: 8px;\n            }\n\n            \/* Komponenten-Darstellung *\/\n            .component-item {\n                margin: 3px 0;\n            }\n            .component-name {\n                font-size: 14px;\n                line-height: 1.4;\n            }\n            .component-notices {\n                color: #666;\n                font-size: 13px;\n                font-weight: 500;\n                line-height: 1.3;\n                margin-top: 1px;\n            }\n\n            \/* Override UIKit Link-Styles - Verhindert dass UIKit alle Links auf der Seite \u00fcberschreibt *\/\n            \/* Setzt Links zur\u00fcck auf Theme-Standard, au\u00dfer in UIKit-Komponenten *\/\n\n            \/* Globaler Reset f\u00fcr normale Links (nicht in UIKit-Komponenten) *\/\n             body a:not([class*=\"uk-\"]):not(.open-feedback):not(.weekbtn) {\n                color: inherit !important;\n                text-decoration: inherit !important;\n            }\n\n            \/* UIKit-Buttons und spezielle Links behalten ihre Farbe *\/\n            .uk-button {\n                color: #1e87f0 !important;\n                text-decoration: none !important;\n                cursor: pointer;\n            }\n\n            .uk-button:hover {\n                color: #0f6ecd !important;\n                text-decoration: underline !important;\n            }\n\n            \/* Feedback-Links mit verbessertem Kontrast (WCAG 2.1 AA) *\/\n            .open-feedback {\n                color: #0066cc !important; \/* Dunkleres Blau f\u00fcr besseren Kontrast *\/\n                text-decoration: underline !important; \/* Zus\u00e4tzlicher visueller Hinweis *\/\n                cursor: pointer;\n            }\n\n            .open-feedback:hover {\n                color: #004499 !important;\n                text-decoration: underline !important;\n            }\n\n            \/* UIKit-Tab-Links brauchen ihre Farbe *\/\n            .uk-tab > li > a {\n                color: #1e87f0 !important;\n            }\n\n            .uk-tab > li.uk-active > a {\n                color: #333 !important;\n            }\n        <\/style>\n\n\n        <label for=\"toggle-allergens\" class=\"uk-margin-small-bottom\">\n            <input type=\"checkbox\" id=\"toggle-allergens\" checked aria-describedby=\"allergene-description\">\n            Zusatzstoffe\/Allergene anzeigen\n        <\/label>\n        <span id=\"allergene-description\" class=\"uk-text-small uk-text-muted\" style=\"display:block; margin-bottom:15px;\">\n            Aktivieren Sie diese Option, um Allergene und Zusatzstoffe bei jedem Gericht anzuzeigen.\n        <\/span>\n\n        <h1 class='uk-heading-medium uk-text-center'>Speiseplan<\/h1><ul class='uk-tab' uk-tab role='tablist' aria-label='Speiseplan-Tage'><li class='' role='presentation'><a href='#' id='tab-day-0' role='tab' aria-selected='false' aria-controls='day-0'>28.04.2026<\/a><\/li><li class='uk-active' role='presentation'><a href='#' id='tab-day-1' role='tab' aria-selected='true' aria-controls='day-1'>29.04.2026<\/a><\/li><li class='' role='presentation'><a href='#' id='tab-day-2' role='tab' aria-selected='false' aria-controls='day-2'>30.04.2026<\/a><\/li><li class='' role='presentation'><a href='#' id='tab-day-3' role='tab' aria-selected='false' aria-controls='day-3'>04.05.2026<\/a><\/li><li class='' role='presentation'><a href='#' id='tab-day-4' role='tab' aria-selected='false' aria-controls='day-4'>05.05.2026<\/a><\/li><li class='' role='presentation'><a href='#' id='tab-day-5' role='tab' aria-selected='false' aria-controls='day-5'>06.05.2026<\/a><\/li><li class='' role='presentation'><a href='#' id='tab-day-6' role='tab' aria-selected='false' aria-controls='day-6'>07.05.2026<\/a><\/li><li class='' role='presentation'><a href='#' id='tab-day-7' role='tab' aria-selected='false' aria-controls='day-7'>08.05.2026<\/a><\/li><\/ul><ul class=\"uk-switcher uk-margin\"><li id='day-0' class='' role='tabpanel' aria-labelledby='tab-day-0'><div class='counter' style='border-left-color: rgb(127,255,212);'><h3 style='background-color:rgb(127,255,212);color:#000000;padding:5px;'>Men\u00fc 1<\/h3><div class='meal'><strong>\n                                    <a href='#'\n                                       class='open-feedback'\n                                       aria-label='Feedback geben f\u00fcr KlimaTeller: Rohkost-Bowl mit Roter-Bete, Buchweizen und Falafel mit veganem scharfen Chili-Dip am 28.04.2026'\n                                       data-meal='KlimaTeller: Rohkost-Bowl mit Roter-Bete, Buchweizen und Falafel mit veganem scharfen Chili-Dip'\n                                       data-counter='Men\u00fc 1'\n                                       data-date='28.04.2026'\n                                       data-feedback-allowed='0'>\n                                        KlimaTeller: Rohkost-Bowl mit Roter-Bete, Buchweizen und Falafel mit veganem scharfen Chili-Dip\n                                    <\/a>\n                                  <\/strong><div class='meal-notices notices'>Farbstoff&nbsp;&nbsp;&nbsp;&nbsp;Knoblauch&nbsp;&nbsp;&nbsp;&nbsp;Senf&nbsp;&nbsp;&nbsp;&nbsp;Sesamsamen<\/div><p><strong>Preise:<\/strong> S: 3,65 | M: 6,70 | G: 9,35<\/p><\/div><\/div><div class='counter' style='border-left-color: rgb(30,144,255);'><h3 style='background-color:rgb(30,144,255);color:#ffffff;padding:5px;'>Men\u00fc 2<\/h3><div class='meal'><strong>\n                                    <a href='#'\n                                       class='open-feedback'\n                                       aria-label='Feedback geben f\u00fcr Chili sin carne am 28.04.2026'\n                                       data-meal='Chili sin carne'\n                                       data-counter='Men\u00fc 2'\n                                       data-date='28.04.2026'\n                                       data-feedback-allowed='0'>\n                                        Chili sin carne\n                                    <\/a>\n                                  <\/strong><div class='meal-notices notices'>Knoblauch&nbsp;&nbsp;&nbsp;&nbsp;vegetarisch&nbsp;&nbsp;&nbsp;&nbsp;vegan<\/div><div class='component-item'><div class='component-name'>Br\u00f6tchen<\/div><div class='component-notices notices'>Milch und Laktose&nbsp;&nbsp;&nbsp;&nbsp;Weizen<\/div><\/div><div class='component-item'><div class='component-name'>Karottensalat<\/div><div class='component-notices notices'>Farbstoff&nbsp;&nbsp;&nbsp;&nbsp;S\u00fc\u00dfungsmittel&nbsp;&nbsp;&nbsp;&nbsp;Ei&nbsp;&nbsp;&nbsp;&nbsp;Milch und Laktose&nbsp;&nbsp;&nbsp;&nbsp;Senf&nbsp;&nbsp;&nbsp;&nbsp;Weizen<\/div><\/div><div class='component-item'><div class='component-name'>Sahnepudding<\/div><div class='component-notices notices'>Milch und Laktose<\/div><\/div><p><strong>Preise:<\/strong> S: 3,10 | M: 5,60 | G: 7,80<\/p><\/div><\/div><\/li><li id='day-1' class='uk-active' role='tabpanel' aria-labelledby='tab-day-1'><div class='counter' style='border-left-color: rgb(127,255,212);'><h3 style='background-color:rgb(127,255,212);color:#000000;padding:5px;'>Men\u00fc 1<\/h3><div class='meal'><strong>\n                                    <a href='#'\n                                       class='open-feedback'\n                                       aria-label='Feedback geben f\u00fcr KlimaTeller: Vegan: Paprika-Pilzgulasch am 29.04.2026'\n                                       data-meal='KlimaTeller: Vegan: Paprika-Pilzgulasch'\n                                       data-counter='Men\u00fc 1'\n                                       data-date='29.04.2026'\n                                       data-feedback-allowed='1'>\n                                        KlimaTeller: Vegan: Paprika-Pilzgulasch\n                                    <\/a>\n                                  <\/strong><div class='meal-notices notices'>Knoblauch&nbsp;&nbsp;&nbsp;&nbsp;Sellerie<\/div><div class='component-item'><div class='component-name'>Gem\u00fcseb\u00e4llchen<\/div><div class='component-notices notices'>Weizen<\/div><\/div><p><strong>Preise:<\/strong> S: 3,65 | M: 6,70 | G: 9,35<\/p><\/div><\/div><div class='counter' style='border-left-color: rgb(30,144,255);'><h3 style='background-color:rgb(30,144,255);color:#ffffff;padding:5px;'>Men\u00fc 2<\/h3><div class='meal'><strong>\n                                    <a href='#'\n                                       class='open-feedback'\n                                       aria-label='Feedback geben f\u00fcr KlimaTeller: Punjabi Rajma (Indisches Gericht) am 29.04.2026'\n                                       data-meal='KlimaTeller: Punjabi Rajma (Indisches Gericht)'\n                                       data-counter='Men\u00fc 2'\n                                       data-date='29.04.2026'\n                                       data-feedback-allowed='1'>\n                                        KlimaTeller: Punjabi Rajma (Indisches Gericht)\n                                    <\/a>\n                                  <\/strong><div class='meal-notices notices'>Knoblauch&nbsp;&nbsp;&nbsp;&nbsp;Weizen<\/div><div class='component-item'><div class='component-name'>Reis<\/div><\/div><div class='component-item'><div class='component-name'>Bunt gemischter Blattsalat<\/div><\/div><div class='component-item'><div class='component-name'>Klare Salatso\u00dfe<\/div><div class='component-notices notices'>Senf<\/div><\/div><div class='component-item'><div class='component-name'>Wei\u00dfe Salatso\u00dfe<\/div><div class='component-notices notices'>Farbstoff&nbsp;&nbsp;&nbsp;&nbsp;S\u00fc\u00dfungsmittel&nbsp;&nbsp;&nbsp;&nbsp;Ei&nbsp;&nbsp;&nbsp;&nbsp;Milch und Laktose&nbsp;&nbsp;&nbsp;&nbsp;Senf&nbsp;&nbsp;&nbsp;&nbsp;Weizen<\/div><\/div><div class='component-item'><div class='component-name'>Obst<\/div><\/div><p><strong>Preise:<\/strong> S: 3,10 | M: 5,60 | G: 7,80<\/p><\/div><\/div><\/li><li id='day-2' class='' role='tabpanel' aria-labelledby='tab-day-2'><div class='counter' style='border-left-color: rgb(127,255,212);'><h3 style='background-color:rgb(127,255,212);color:#000000;padding:5px;'>Men\u00fc 1<\/h3><div class='meal'><strong>\n                                    <a href='#'\n                                       class='open-feedback'\n                                       aria-label='Feedback geben f\u00fcr KlimaTeller: Vegan: Erdnusspf\u00e4nnchen mit Gem\u00fcse am 30.04.2026'\n                                       data-meal='KlimaTeller: Vegan: Erdnusspf\u00e4nnchen mit Gem\u00fcse'\n                                       data-counter='Men\u00fc 1'\n                                       data-date='30.04.2026'\n                                       data-feedback-allowed='0'>\n                                        KlimaTeller: Vegan: Erdnusspf\u00e4nnchen mit Gem\u00fcse\n                                    <\/a>\n                                  <\/strong><div class='meal-notices notices'>Konservierungsstoff&nbsp;&nbsp;&nbsp;&nbsp;Geschmacksverst\u00e4rker&nbsp;&nbsp;&nbsp;&nbsp;Knoblauch&nbsp;&nbsp;&nbsp;&nbsp;Erdn\u00fcsse&nbsp;&nbsp;&nbsp;&nbsp;Soja&nbsp;&nbsp;&nbsp;&nbsp;Weizen<\/div><div class='component-item'><div class='component-name'>Basmatireis (aus biologischem Anbau)<\/div><\/div><p><strong>Preise:<\/strong> S: 3,65 | M: 6,70 | G: 9,35<\/p><\/div><\/div><div class='counter' style='border-left-color: rgb(30,144,255);'><h3 style='background-color:rgb(30,144,255);color:#ffffff;padding:5px;'>Men\u00fc 2<\/h3><div class='meal'><strong>\n                                    <a href='#'\n                                       class='open-feedback'\n                                       aria-label='Feedback geben f\u00fcr Vegan: Gem\u00fcse-Paella am 30.04.2026'\n                                       data-meal='Vegan: Gem\u00fcse-Paella'\n                                       data-counter='Men\u00fc 2'\n                                       data-date='30.04.2026'\n                                       data-feedback-allowed='0'>\n                                        Vegan: Gem\u00fcse-Paella\n                                    <\/a>\n                                  <\/strong><div class='meal-notices notices'>vegan&nbsp;&nbsp;&nbsp;&nbsp;Knoblauch<\/div><div class='component-item'><div class='component-name'>Kr\u00e4uterdip<\/div><div class='component-notices notices'>Farbstoff&nbsp;&nbsp;&nbsp;&nbsp;S\u00fc\u00dfungsmittel&nbsp;&nbsp;&nbsp;&nbsp;Ei&nbsp;&nbsp;&nbsp;&nbsp;Milch und Laktose&nbsp;&nbsp;&nbsp;&nbsp;Senf&nbsp;&nbsp;&nbsp;&nbsp;Weizen<\/div><\/div><div class='component-item'><div class='component-name'>Pusztasalat<\/div><div class='component-notices notices'>Farbstoff&nbsp;&nbsp;&nbsp;&nbsp;S\u00fc\u00dfungsmittel&nbsp;&nbsp;&nbsp;&nbsp;Ei&nbsp;&nbsp;&nbsp;&nbsp;Milch und Laktose&nbsp;&nbsp;&nbsp;&nbsp;Senf&nbsp;&nbsp;&nbsp;&nbsp;Weizen<\/div><\/div><div class='component-item'><div class='component-name'>veganes Franzbr\u00f6tchen<\/div><div class='component-notices notices'>Weizen&nbsp;&nbsp;&nbsp;&nbsp;Roggen<\/div><\/div><p><strong>Preise:<\/strong> S: 3,10 | M: 5,60 | G: 7,80<\/p><\/div><\/div><\/li><li id='day-3' class='' role='tabpanel' aria-labelledby='tab-day-3'><div class='counter' style='border-left-color: rgb(127,255,212);'><h3 style='background-color:rgb(127,255,212);color:#000000;padding:5px;'>Men\u00fc 1<\/h3><div class='meal'><strong>\n                                    <a href='#'\n                                       class='open-feedback'\n                                       aria-label='Feedback geben f\u00fcr KlimaTeller: Vegan: Soja-Gyros aus der Pfanne am 04.05.2026'\n                                       data-meal='KlimaTeller: Vegan: Soja-Gyros aus der Pfanne'\n                                       data-counter='Men\u00fc 1'\n                                       data-date='04.05.2026'\n                                       data-feedback-allowed='0'>\n                                        KlimaTeller: Vegan: Soja-Gyros aus der Pfanne\n                                    <\/a>\n                                  <\/strong><div class='meal-notices notices'>Soja&nbsp;&nbsp;&nbsp;&nbsp;Sellerie&nbsp;&nbsp;&nbsp;&nbsp;Senf<\/div><div class='component-item'><div class='component-name'>Vegan:Knoblauch-Kr\u00e4uter-Dip<\/div><div class='component-notices notices'>Antioxidationsmittel&nbsp;&nbsp;&nbsp;&nbsp;Knoblauch&nbsp;&nbsp;&nbsp;&nbsp;Soja<\/div><\/div><div class='component-item'><div class='component-name'>Reis<\/div><\/div><div class='component-item'><div class='component-name'>Bunt gemischter Blattsalat<\/div><\/div><div class='component-item'><div class='component-name'>Klare Salatso\u00dfe<\/div><div class='component-notices notices'>Senf<\/div><\/div><div class='component-item'><div class='component-name'>Obst<\/div><\/div><p><strong>Preise:<\/strong> S: 3,65 | M: 6,70 | G: 9,35<\/p><\/div><\/div><div class='counter' style='border-left-color: rgb(30,144,255);'><h3 style='background-color:rgb(30,144,255);color:#ffffff;padding:5px;'>Men\u00fc 2<\/h3><div class='meal'><strong>\n                                    <a href='#'\n                                       class='open-feedback'\n                                       aria-label='Feedback geben f\u00fcr Gem\u00fcsenudeln mit Hirtenk\u00e4se am 04.05.2026'\n                                       data-meal='Gem\u00fcsenudeln mit Hirtenk\u00e4se'\n                                       data-counter='Men\u00fc 2'\n                                       data-date='04.05.2026'\n                                       data-feedback-allowed='0'>\n                                        Gem\u00fcsenudeln mit Hirtenk\u00e4se\n                                    <\/a>\n                                  <\/strong><div class='meal-notices notices'>Knoblauch&nbsp;&nbsp;&nbsp;&nbsp;Milch und Laktose&nbsp;&nbsp;&nbsp;&nbsp;Weizen<\/div><div class='component-item'><div class='component-name'>Bunt gemischter Blattsalat<\/div><\/div><div class='component-item'><div class='component-name'>Klare Salatso\u00dfe<\/div><div class='component-notices notices'>Senf<\/div><\/div><div class='component-item'><div class='component-name'>Wei\u00dfe Salatso\u00dfe Dressing<\/div><div class='component-notices notices'>Farbstoff&nbsp;&nbsp;&nbsp;&nbsp;S\u00fc\u00dfungsmittel&nbsp;&nbsp;&nbsp;&nbsp;Ei&nbsp;&nbsp;&nbsp;&nbsp;Milch und Laktose&nbsp;&nbsp;&nbsp;&nbsp;Senf&nbsp;&nbsp;&nbsp;&nbsp;Weizen<\/div><\/div><div class='component-item'><div class='component-name'>Obst<\/div><\/div><p><strong>Preise:<\/strong> S: 3,10 | M: 5,60 | G: 7,80<\/p><\/div><\/div><\/li><li id='day-4' class='' role='tabpanel' aria-labelledby='tab-day-4'><div class='counter' style='border-left-color: rgb(127,255,212);'><h3 style='background-color:rgb(127,255,212);color:#000000;padding:5px;'>Men\u00fc 1<\/h3><div class='meal'><strong>\n                                    <a href='#'\n                                       class='open-feedback'\n                                       aria-label='Feedback geben f\u00fcr mensaVital: KlimaTeller: Tomaten-Chili-Knoblauch-Spaghetti mit gr\u00e4uchertemTofu am 05.05.2026'\n                                       data-meal='mensaVital: KlimaTeller: Tomaten-Chili-Knoblauch-Spaghetti mit gr\u00e4uchertemTofu'\n                                       data-counter='Men\u00fc 1'\n                                       data-date='05.05.2026'\n                                       data-feedback-allowed='0'>\n                                        mensaVital: KlimaTeller: Tomaten-Chili-Knoblauch-Spaghetti mit gr\u00e4uchertemTofu\n                                    <\/a>\n                                  <\/strong><div class='meal-notices notices'>Knoblauch&nbsp;&nbsp;&nbsp;&nbsp;Soja&nbsp;&nbsp;&nbsp;&nbsp;Weizen<\/div><p><strong>Preise:<\/strong> S: 3,65 | M: 6,70 | G: 9,35<\/p><\/div><\/div><div class='counter' style='border-left-color: rgb(30,144,255);'><h3 style='background-color:rgb(30,144,255);color:#ffffff;padding:5px;'>Men\u00fc 2<\/h3><div class='meal'><strong>\n                                    <a href='#'\n                                       class='open-feedback'\n                                       aria-label='Feedback geben f\u00fcr KlimaTeller: Vegan: Gebratene Bratwurst am 05.05.2026'\n                                       data-meal='KlimaTeller: Vegan: Gebratene Bratwurst'\n                                       data-counter='Men\u00fc 2'\n                                       data-date='05.05.2026'\n                                       data-feedback-allowed='0'>\n                                        KlimaTeller: Vegan: Gebratene Bratwurst\n                                    <\/a>\n                                  <\/strong><div class='component-item'><div class='component-name'>Curryso\u00dfe<\/div><\/div><div class='component-item'><div class='component-name'>Backofenkartoffel (aus biologischem Anbau)<\/div><\/div><div class='component-item'><div class='component-name'>Gazpachosalat<\/div><div class='component-notices notices'>Farbstoff&nbsp;&nbsp;&nbsp;&nbsp;Knoblauch&nbsp;&nbsp;&nbsp;&nbsp;Senf<\/div><\/div><div class='component-item'><div class='component-name'>Himbeer-Vanillejoghurt<\/div><div class='component-notices notices'>Milch und Laktose<\/div><\/div><p><strong>Preise:<\/strong> S: 3,10 | M: 5,60 | G: 7,80<\/p><\/div><\/div><\/li><li id='day-5' class='' role='tabpanel' aria-labelledby='tab-day-5'><div class='counter' style='border-left-color: rgb(127,255,212);'><h3 style='background-color:rgb(127,255,212);color:#000000;padding:5px;'>Men\u00fc 1<\/h3><div class='meal'><strong>\n                                    <a href='#'\n                                       class='open-feedback'\n                                       aria-label='Feedback geben f\u00fcr KlimaTeller: Vegan: Bami Goreng mit Nudeln am 06.05.2026'\n                                       data-meal='KlimaTeller: Vegan: Bami Goreng mit Nudeln'\n                                       data-counter='Men\u00fc 1'\n                                       data-date='06.05.2026'\n                                       data-feedback-allowed='0'>\n                                        KlimaTeller: Vegan: Bami Goreng mit Nudeln\n                                    <\/a>\n                                  <\/strong><div class='meal-notices notices'>Farbstoff&nbsp;&nbsp;&nbsp;&nbsp;Antioxidationsmittel&nbsp;&nbsp;&nbsp;&nbsp;Knoblauch&nbsp;&nbsp;&nbsp;&nbsp;Soja&nbsp;&nbsp;&nbsp;&nbsp;Sellerie&nbsp;&nbsp;&nbsp;&nbsp;Senf&nbsp;&nbsp;&nbsp;&nbsp;Weizen<\/div><p><strong>Preise:<\/strong> S: 3,65 | M: 6,70 | G: 9,35<\/p><\/div><\/div><div class='counter' style='border-left-color: rgb(30,144,255);'><h3 style='background-color:rgb(30,144,255);color:#ffffff;padding:5px;'>Men\u00fc 2<\/h3><div class='meal'><strong>\n                                    <a href='#'\n                                       class='open-feedback'\n                                       aria-label='Feedback geben f\u00fcr Nudelauflauf Havanna am 06.05.2026'\n                                       data-meal='Nudelauflauf Havanna'\n                                       data-counter='Men\u00fc 2'\n                                       data-date='06.05.2026'\n                                       data-feedback-allowed='0'>\n                                        Nudelauflauf Havanna\n                                    <\/a>\n                                  <\/strong><div class='meal-notices notices'>Knoblauch&nbsp;&nbsp;&nbsp;&nbsp;Ei&nbsp;&nbsp;&nbsp;&nbsp;Milch und Laktose&nbsp;&nbsp;&nbsp;&nbsp;Weizen<\/div><div class='component-item'><div class='component-name'>Bunt gemischter Blattsalat<\/div><\/div><div class='component-item'><div class='component-name'>Wei\u00dfe Salatso\u00dfe Dressing<\/div><div class='component-notices notices'>Farbstoff&nbsp;&nbsp;&nbsp;&nbsp;S\u00fc\u00dfungsmittel&nbsp;&nbsp;&nbsp;&nbsp;Ei&nbsp;&nbsp;&nbsp;&nbsp;Milch und Laktose&nbsp;&nbsp;&nbsp;&nbsp;Senf&nbsp;&nbsp;&nbsp;&nbsp;Weizen<\/div><\/div><div class='component-item'><div class='component-name'>Klare Salatso\u00dfe<\/div><div class='component-notices notices'>Senf<\/div><\/div><div class='component-item'><div class='component-name'>Obst<\/div><\/div><p><strong>Preise:<\/strong> S: 3,10 | M: 5,60 | G: 7,80<\/p><\/div><\/div><\/li><li id='day-6' class='' role='tabpanel' aria-labelledby='tab-day-6'><div class='counter' style='border-left-color: rgb(127,255,212);'><h3 style='background-color:rgb(127,255,212);color:#000000;padding:5px;'>Men\u00fc 1<\/h3><div class='meal'><strong>\n                                    <a href='#'\n                                       class='open-feedback'\n                                       aria-label='Feedback geben f\u00fcr KlimaTeller: Vegan: Penne mit Spinat-Erdnussso\u00dfe am 07.05.2026'\n                                       data-meal='KlimaTeller: Vegan: Penne mit Spinat-Erdnussso\u00dfe'\n                                       data-counter='Men\u00fc 1'\n                                       data-date='07.05.2026'\n                                       data-feedback-allowed='0'>\n                                        KlimaTeller: Vegan: Penne mit Spinat-Erdnussso\u00dfe\n                                    <\/a>\n                                  <\/strong><div class='meal-notices notices'>Knoblauch&nbsp;&nbsp;&nbsp;&nbsp;Erdn\u00fcsse&nbsp;&nbsp;&nbsp;&nbsp;Weizen&nbsp;&nbsp;&nbsp;&nbsp;Hafer<\/div><div class='component-item'><div class='component-name'>Bunt gemischter Blattsalat<\/div><\/div><div class='component-item'><div class='component-name'>Klare Salatso\u00dfe<\/div><div class='component-notices notices'>Senf<\/div><\/div><div class='component-item'><div class='component-name'>Obst<\/div><\/div><p><strong>Preise:<\/strong> S: 3,65 | M: 6,70 | G: 9,35<\/p><\/div><\/div><div class='counter' style='border-left-color: rgb(30,144,255);'><h3 style='background-color:rgb(30,144,255);color:#ffffff;padding:5px;'>Men\u00fc 2<\/h3><div class='meal'><strong>\n                                    <a href='#'\n                                       class='open-feedback'\n                                       aria-label='Feedback geben f\u00fcr Indisches Linsencurry am 07.05.2026'\n                                       data-meal='Indisches Linsencurry'\n                                       data-counter='Men\u00fc 2'\n                                       data-date='07.05.2026'\n                                       data-feedback-allowed='0'>\n                                        Indisches Linsencurry\n                                    <\/a>\n                                  <\/strong><div class='meal-notices notices'>Knoblauch&nbsp;&nbsp;&nbsp;&nbsp;Milch und Laktose&nbsp;&nbsp;&nbsp;&nbsp;Sellerie&nbsp;&nbsp;&nbsp;&nbsp;Senf<\/div><div class='component-item'><div class='component-name'>KlimaTeller: Reis<\/div><\/div><div class='component-item'><div class='component-name'>Karottensalat<\/div><div class='component-notices notices'>Farbstoff&nbsp;&nbsp;&nbsp;&nbsp;S\u00fc\u00dfungsmittel&nbsp;&nbsp;&nbsp;&nbsp;Ei&nbsp;&nbsp;&nbsp;&nbsp;Milch und Laktose&nbsp;&nbsp;&nbsp;&nbsp;Senf&nbsp;&nbsp;&nbsp;&nbsp;Weizen<\/div><\/div><div class='component-item'><div class='component-name'>Milchreis mit Zimt und Zucker<\/div><div class='component-notices notices'>Milch und Laktose<\/div><\/div><p><strong>Preise:<\/strong> S: 3,10 | M: 5,60 | G: 7,80<\/p><\/div><\/div><\/li><li id='day-7' class='' role='tabpanel' aria-labelledby='tab-day-7'><div class='counter' style='border-left-color: rgb(127,255,212);'><h3 style='background-color:rgb(127,255,212);color:#000000;padding:5px;'>Men\u00fc 1<\/h3><div class='meal'><strong>\n                                    <a href='#'\n                                       class='open-feedback'\n                                       aria-label='Feedback geben f\u00fcr KlimaTeller: Vegan: Fagottini mit Tomaten-Basilikumf\u00fcllung am 08.05.2026'\n                                       data-meal='KlimaTeller: Vegan: Fagottini mit Tomaten-Basilikumf\u00fcllung'\n                                       data-counter='Men\u00fc 1'\n                                       data-date='08.05.2026'\n                                       data-feedback-allowed='0'>\n                                        KlimaTeller: Vegan: Fagottini mit Tomaten-Basilikumf\u00fcllung\n                                    <\/a>\n                                  <\/strong><div class='meal-notices notices'>Knoblauch&nbsp;&nbsp;&nbsp;&nbsp;Weizen<\/div><div class='component-item'><div class='component-name'>Tomaten-Bechamelso\u00dfe<\/div><div class='component-notices notices'>Knoblauch&nbsp;&nbsp;&nbsp;&nbsp;vegetarisch&nbsp;&nbsp;&nbsp;&nbsp;Milch und Laktose<\/div><\/div><div class='component-item'><div class='component-name'>Geriebener K\u00e4se<\/div><div class='component-notices notices'>Milch und Laktose<\/div><\/div><div class='component-item'><div class='component-name'>Bunt gemischter Blattsalat<\/div><\/div><div class='component-item'><div class='component-name'>Klare Salatso\u00dfe<\/div><div class='component-notices notices'>Senf<\/div><\/div><div class='component-item'><div class='component-name'>Obst<\/div><\/div><p><strong>Preise:<\/strong> S: 3,65 | M: 6,70 | G: 9,35<\/p><\/div><\/div><div class='counter' style='border-left-color: rgb(30,144,255);'><h3 style='background-color:rgb(30,144,255);color:#ffffff;padding:5px;'>Men\u00fc 2<\/h3><div class='meal'><strong>\n                                    <a href='#'\n                                       class='open-feedback'\n                                       aria-label='Feedback geben f\u00fcr KlimaTeller: Fr\u00fchlingsrolle vegetarisch am 08.05.2026'\n                                       data-meal='KlimaTeller: Fr\u00fchlingsrolle vegetarisch'\n                                       data-counter='Men\u00fc 2'\n                                       data-date='08.05.2026'\n                                       data-feedback-allowed='0'>\n                                        KlimaTeller: Fr\u00fchlingsrolle vegetarisch\n                                    <\/a>\n                                  <\/strong><div class='meal-notices notices'>vegetarisch&nbsp;&nbsp;&nbsp;&nbsp;Sellerie&nbsp;&nbsp;&nbsp;&nbsp;Weizen<\/div><div class='component-item'><div class='component-name'>So\u00dfe s\u00fc\u00df-sauer<\/div><div class='component-notices notices'>Farbstoff&nbsp;&nbsp;&nbsp;&nbsp;Knoblauch&nbsp;&nbsp;&nbsp;&nbsp;Soja&nbsp;&nbsp;&nbsp;&nbsp;Sellerie&nbsp;&nbsp;&nbsp;&nbsp;Senf&nbsp;&nbsp;&nbsp;&nbsp;Weizen<\/div><\/div><div class='component-item'><div class='component-name'>Tomatenreis<\/div><\/div><div class='component-item'><div class='component-name'>Bunt gemischter Blattsalat<\/div><\/div><div class='component-item'><div class='component-name'>Klare Salatso\u00dfe<\/div><div class='component-notices notices'>Senf<\/div><\/div><div class='component-item'><div class='component-name'>Wei\u00dfe Salatso\u00dfe Dressing<\/div><div class='component-notices notices'>Farbstoff&nbsp;&nbsp;&nbsp;&nbsp;S\u00fc\u00dfungsmittel&nbsp;&nbsp;&nbsp;&nbsp;Ei&nbsp;&nbsp;&nbsp;&nbsp;Milch und Laktose&nbsp;&nbsp;&nbsp;&nbsp;Senf&nbsp;&nbsp;&nbsp;&nbsp;Weizen<\/div><\/div><div class='component-item'><div class='component-name'>Obst<\/div><\/div><p><strong>Preise:<\/strong> S: 3,10 | M: 5,60 | G: 7,80<\/p><\/div><\/div><\/li><\/ul>\n        <!-- UIkit JS -->\n        <script src=\"https:\/\/cdn.jsdelivr.net\/npm\/uikit@3.16.19\/dist\/js\/uikit.min.js\"><\/script>\n        <script src=\"https:\/\/cdn.jsdelivr.net\/npm\/uikit@3.16.19\/dist\/js\/uikit-icons.min.js\"><\/script>\n\n        <!-- Feedback Modal -->\n        <div id=\"feedback-modal\" uk-modal>\n            <div class=\"uk-modal-dialog uk-modal-body\" role=\"dialog\" aria-modal=\"true\" aria-labelledby=\"feedback-modal-title\">\n                <button class=\"uk-modal-close-default\" type=\"button\" aria-label=\"Feedback-Dialog schlie\u00dfen\" uk-close><\/button>\n                <h2 class=\"uk-modal-title\" id=\"feedback-modal-title\">Feedback abgeben<\/h2>\n                <div id=\"feedback-not-allowed-msg\"\n                     class=\"feedback-not-allowed\"\n                     style=\"display:none;\"\n                     role=\"alert\"\n                     aria-live=\"assertive\"\n                     aria-atomic=\"true\">\n                    Die Bewertung ist noch nicht m\u00f6glich.\n                <\/div>\n                <form id=\"feedback-form\" style=\"display:none;\">\n                    <input type=\"hidden\" name=\"action\" value=\"send_feedback\">\n                    <input type=\"hidden\" name=\"location\" id=\"feedback-location\" value=\"hbk\">\n                    <input type=\"hidden\" name=\"meal\" id=\"feedback-meal\" value=\"\">\n\t\t\t\t\t<input type=\"hidden\" name=\"dayDate\" id=\"feedback-dayDate\" value=\"\">\n                    <label for=\"feedback-rating\">Bewertung (0-5 Sterne):<\/label><br>\n                    <select name=\"rating\" id=\"feedback-rating\" aria-label=\"Bewertung von 0 bis 5 Sternen\">\n                        <option value=\"0\">0 Sterne<\/option>\n                        <option value=\"1\">1 Stern<\/option>\n                        <option value=\"2\">2 Sterne<\/option>\n                        <option value=\"3\">3 Sterne<\/option>\n                        <option value=\"4\">4 Sterne<\/option>\n                        <option value=\"5\">5 Sterne<\/option>\n                    <\/select><br><br>\n\n                    <label for=\"feedback-comment\">Kommentar (Pflichtfeld):<\/label><br>\n                    <textarea name=\"comment\" id=\"feedback-comment\" rows=\"5\" cols=\"40\" required aria-required=\"true\" aria-label=\"Kommentar zum Gericht\"><\/textarea><br><br>\n\n                    <label for=\"feedback-email\">E-Mail (optional):<\/label><br>\n                    <input type=\"email\" name=\"email\" id=\"feedback-email\" placeholder=\"Ihre E-Mail\" aria-label=\"E-Mail-Adresse f\u00fcr R\u00fcckmeldung\"><br><br>\n\n                    <button class=\"uk-button uk-button-primary\" type=\"submit\" aria-label=\"Feedback absenden\">Absenden<\/button>\n                    <button class=\"uk-button uk-button-default uk-modal-close\" type=\"button\">Abbrechen<\/button>\n                <\/form>\n            <\/div>\n        <\/div>\n\n        <script>\n        jQuery(document).ready(function($) {\n            var modal = UIkit.modal('#feedback-modal');\n\n            $('.open-feedback').on('click', function(e) {\n                e.preventDefault();\n                var meal            = $(this).data('meal');\n                var feedbackAllowed = $(this).data('feedback-allowed');\n\t\t\t\tvar mealDate        = $(this).data('date');\n                $('#feedback-meal').val(meal);\n\t\t\t\t$('#feedback-dayDate').val(mealDate);\n                if (feedbackAllowed === 1 || feedbackAllowed === '1') {\n                    $('#feedback-not-allowed-msg').hide();\n                    $('#feedback-form').show();\n                } else {\n                    $('#feedback-not-allowed-msg').show();\n                    $('#feedback-form').hide();\n                }\n                modal.show();\n\n                \/\/ Focus-Management: Focus in Modal verschieben\n                setTimeout(function() {\n                    if (feedbackAllowed === 1 || feedbackAllowed === '1') {\n                        $('#feedback-rating').focus();\n                    } else {\n                        $('.uk-modal-close-default').focus();\n                    }\n                }, 100);\n            });\n\n            \/\/ Clientseitige Pflichtfeldpr\u00fcfung\n            $('#feedback-form').on('submit', function(e) {\n                e.preventDefault();\n                var comment = $.trim($(this).find('textarea[name=\"comment\"]').val());\n                if (!comment) {\n                    alert('Bitte geben Sie einen Kommentar ein.');\n                    return;\n                }\n\n                $.ajax({\n                    url: 'https:\/\/www.stw-saarland.de\/wp-admin\/admin-ajax.php',\n                    method: 'POST',\n                    data: $(this).serialize(),\n                    dataType: 'json',\n                    success: function(response) {\n                        if (response.success) {\n                            alert(response.data.message);\n                            UIkit.modal('#feedback-modal').hide();\n                        } else {\n                            alert(response.data.message);\n                        }\n                    },\n                    error: function() {\n                        alert('Ein Fehler ist aufgetreten.');\n                    }\n                });\n            });\n\n            $('#toggle-allergens').on('change', function() {\n                if ($(this).is(':checked')) {\n                    $('body').removeClass('hide-notices');\n                } else {\n                    $('body').addClass('hide-notices');\n                }\n            });\n        });\n        <\/script>\n        \n\n\n\n<p class=\"has-text-align-center\"><a href=\"https:\/\/www.stw-saarland.de\/gastro\/\" data-type=\"page\" data-id=\"351\">Zur\u00fcck zur \u00dcbersicht<\/a><\/p>\n<\/div>\n\n\n\n<div class=\"wp-block-column is-layout-flow wp-block-column-is-layout-flow\" style=\"flex-basis:33.33%\">\n<div class=\"wp-block-uagb-info-box uagb-block-63b6c7db uagb-infobox__content-wrap  uagb-infobox-icon-left uagb-infobox-left uagb-infobox-stacked-tablet uagb-infobox-image-valign-top wp-block-uagb-info-box--has-margin\"><div class=\"uagb-infobox-margin-wrapper\"><div class=\"uagb-ifb-icon-wrap\"><svg xmlns=\"https:\/\/www.w3.org\/2000\/svg\" viewbox=\"0 0 448 512\"><path d=\"M400 32h-352C21.49 32 0 53.49 0 80v352C0 458.5 21.49 480 48 480h245.5c16.97 0 33.25-6.744 45.26-18.75l90.51-90.51C441.3 358.7 448 342.5 448 325.5V80C448 53.49 426.5 32 400 32zM64 96h320l-.001 224H320c-17.67 0-32 14.33-32 32v64H64V96z\"><\/path><\/svg><\/div><div class=\"uagb-ifb-content\"><div class=\"uagb-ifb-title-wrap\"><h4 class=\"uagb-ifb-title\">What?<\/h4><\/div><p class=\"uagb-ifb-desc\">The small canteen is located on the first floor of the university building behind the atrium. It is cozy and rustic and scores with its special charm. <\/p><\/div><\/div><\/div>\n\n\n\n<div class=\"wp-block-uagb-info-box uagb-block-2efff286 uagb-infobox__content-wrap  uagb-infobox-icon-left uagb-infobox-left uagb-infobox-stacked-tablet uagb-infobox-image-valign-top wp-block-uagb-info-box--has-margin\"><div class=\"uagb-infobox-margin-wrapper\"><div class=\"uagb-ifb-icon-wrap\"><svg xmlns=\"https:\/\/www.w3.org\/2000\/svg\" viewbox=\"0 0 576 512\"><path d=\"M384 476.1L192 421.2V35.93L384 90.79V476.1zM416 88.37L543.1 37.53C558.9 31.23 576 42.84 576 59.82V394.6C576 404.4 570 413.2 560.9 416.9L416 474.8V88.37zM15.09 95.13L160 37.17V423.6L32.91 474.5C17.15 480.8 0 469.2 0 452.2V117.4C0 107.6 5.975 98.78 15.09 95.13V95.13z\"><\/path><\/svg><\/div><div class=\"uagb-ifb-content\"><div class=\"uagb-ifb-title-wrap\"><h4 class=\"uagb-ifb-title\">Where?<\/h4><\/div><p class=\"uagb-ifb-desc\"><a href=\"https:\/\/maps.app.goo.gl\/tXywMYFkra4xg4WUA\" target=\"_blank\" rel=\"noopener\">Keplerstrasse 3-5<\/a><br\/><a href=\"https:\/\/maps.app.goo.gl\/tXywMYFkra4xg4WUA\" target=\"_blank\" rel=\"noopener\">66117 Saarbr\u00fccken<\/a><\/p><\/div><\/div><\/div>\n\n\n\n<div class=\"wp-block-uagb-info-box uagb-block-62c0fc10 uagb-infobox__content-wrap  uagb-infobox-icon-left uagb-infobox-left uagb-infobox-stacked-tablet uagb-infobox-image-valign-top\"><div class=\"uagb-ifb-icon-wrap\"><svg xmlns=\"https:\/\/www.w3.org\/2000\/svg\" viewbox=\"0 0 512 512\"><path d=\"M511.2 387l-23.25 100.8c-3.266 14.25-15.79 24.22-30.46 24.22C205.2 512 0 306.8 0 54.5c0-14.66 9.969-27.2 24.22-30.45l100.8-23.25C139.7-2.602 154.7 5.018 160.8 18.92l46.52 108.5c5.438 12.78 1.77 27.67-8.98 36.45L144.5 207.1c33.98 69.22 90.26 125.5 159.5 159.5l44.08-53.8c8.688-10.78 23.69-14.51 36.47-8.975l108.5 46.51C506.1 357.2 514.6 372.4 511.2 387z\"><\/path><\/svg><\/div><div class=\"uagb-ifb-content\"><div class=\"uagb-ifb-title-wrap\"><h4 class=\"uagb-ifb-title\">Telephone<\/h4><\/div><p class=\"uagb-ifb-desc\">0681 302 2820<\/p><\/div><\/div>\n\n\n\n<div class=\"wp-block-uagb-info-box uagb-block-088a3302 uagb-infobox__content-wrap  uagb-infobox-icon-left uagb-infobox-left uagb-infobox-stacked-tablet uagb-infobox-image-valign-top\"><div class=\"uagb-ifb-icon-wrap\"><svg xmlns=\"https:\/\/www.w3.org\/2000\/svg\" viewbox=\"0 0 512 512\"><path d=\"M464 64C490.5 64 512 85.49 512 112C512 127.1 504.9 141.3 492.8 150.4L275.2 313.6C263.8 322.1 248.2 322.1 236.8 313.6L19.2 150.4C7.113 141.3 0 127.1 0 112C0 85.49 21.49 64 48 64H464zM217.6 339.2C240.4 356.3 271.6 356.3 294.4 339.2L512 176V384C512 419.3 483.3 448 448 448H64C28.65 448 0 419.3 0 384V176L217.6 339.2z\"><\/path><\/svg><\/div><div class=\"uagb-ifb-content\"><div class=\"uagb-ifb-title-wrap\"><h4 class=\"uagb-ifb-title\">e-mail<\/h4><\/div><p class=\"uagb-ifb-desc\"><a href=\"mailto:mensaleitung@stw-saarland.de\">mensaleitung@stw-saarland.de<\/a><\/p><\/div><\/div>\n\n\n\n<div class=\"wp-block-uagb-info-box uagb-block-2797eba9 uagb-infobox__content-wrap  uagb-infobox-icon-left uagb-infobox-left uagb-infobox-stacked-tablet uagb-infobox-image-valign-top\"><div class=\"uagb-ifb-icon-wrap\"><svg xmlns=\"https:\/\/www.w3.org\/2000\/svg\" viewbox=\"0 0 512 512\"><path d=\"M256 512C114.6 512 0 397.4 0 256C0 114.6 114.6 0 256 0C397.4 0 512 114.6 512 256C512 397.4 397.4 512 256 512zM232 256C232 264 236 271.5 242.7 275.1L338.7 339.1C349.7 347.3 364.6 344.3 371.1 333.3C379.3 322.3 376.3 307.4 365.3 300L280 243.2V120C280 106.7 269.3 96 255.1 96C242.7 96 231.1 106.7 231.1 120L232 256z\"><\/path><\/svg><\/div><div class=\"uagb-ifb-content\"><div class=\"uagb-ifb-title-wrap\"><h4 class=\"uagb-ifb-title\">Opening hours<\/h4><\/div><p class=\"uagb-ifb-desc\">Lecture period<br\/>Monday to Friday: <br\/>09:15 &#8211; 15:00<br\/><br\/>Snack vending machine during the lecture-free period<\/p><\/div><\/div>\n<\/div>\n<\/div>\n","protected":false},"excerpt":{"rendered":"<p>MENSAHBK<\/p>\n","protected":false},"author":1,"featured_media":0,"parent":1994,"menu_order":0,"comment_status":"closed","ping_status":"closed","template":"","meta":{"_acf_changed":false,"inline_featured_image":false,"_uag_custom_page_level_css":"","footnotes":""},"class_list":["post-2117","page","type-page","status-publish"],"acf":[],"uagb_featured_image_src":{"full":false,"thumbnail":false,"medium":false,"medium_large":false,"large":false,"1536x1536":false,"2048x2048":false,"gform-image-choice-sm":false,"gform-image-choice-md":false,"gform-image-choice-lg":false},"uagb_author_info":{"display_name":"pixelarbeiter","author_link":"https:\/\/www.stw-saarland.de\/en\/author\/pixelarbeiter\/"},"uagb_comment_info":0,"uagb_excerpt":"MENSAHBK","_links":{"self":[{"href":"https:\/\/www.stw-saarland.de\/en\/wp-json\/wp\/v2\/pages\/2117","targetHints":{"allow":["GET"]}}],"collection":[{"href":"https:\/\/www.stw-saarland.de\/en\/wp-json\/wp\/v2\/pages"}],"about":[{"href":"https:\/\/www.stw-saarland.de\/en\/wp-json\/wp\/v2\/types\/page"}],"author":[{"embeddable":true,"href":"https:\/\/www.stw-saarland.de\/en\/wp-json\/wp\/v2\/users\/1"}],"replies":[{"embeddable":true,"href":"https:\/\/www.stw-saarland.de\/en\/wp-json\/wp\/v2\/comments?post=2117"}],"version-history":[{"count":5,"href":"https:\/\/www.stw-saarland.de\/en\/wp-json\/wp\/v2\/pages\/2117\/revisions"}],"predecessor-version":[{"id":6393,"href":"https:\/\/www.stw-saarland.de\/en\/wp-json\/wp\/v2\/pages\/2117\/revisions\/6393"}],"up":[{"embeddable":true,"href":"https:\/\/www.stw-saarland.de\/en\/wp-json\/wp\/v2\/pages\/1994"}],"wp:attachment":[{"href":"https:\/\/www.stw-saarland.de\/en\/wp-json\/wp\/v2\/media?parent=2117"}],"curies":[{"name":"wp","href":"https:\/\/api.w.org\/{rel}","templated":true}]}}